{"id":8684,"date":"2018-10-09T11:30:05","date_gmt":"2018-10-09T09:30:05","guid":{"rendered":"https:\/\/gesundheitspraxis-zoller.ch\/impressum-copy\/"},"modified":"2020-02-29T11:54:51","modified_gmt":"2020-02-29T10:54:51","slug":"datenschutz","status":"publish","type":"page","link":"https:\/\/gesundheitspraxis-zoller.ch\/datenschutz\/","title":{"rendered":"Datenschutz"},"content":{"rendered":"<p>[vc_row full_width=&#8221;stretch_row_content_no_spaces&#8221;][vc_column][vc_column_text]\n\t\t\t<!-- START banner REVOLUTION SLIDER 6.5.12 --><p class=\"rs-p-wp-fix\"><\/p>\n\t\t\t<rs-module-wrap id=\"rev_slider_5_1_wrapper\" data-source=\"gallery\" style=\"visibility:hidden;background:transparent;padding:0;margin:0px auto;margin-top:0;margin-bottom:0;\">\n\t\t\t\t<rs-module id=\"rev_slider_5_1\" style=\"\" data-version=\"6.5.12\">\n\t\t\t\t\t<rs-slides>\n\t\t\t\t\t\t<rs-slide style=\"position: absolute;\" data-key=\"rs-6\" data-title=\"Slide\" data-anim=\"ms:600;\" data-in=\"o:0;\" data-out=\"a:false;\">\n\t\t\t\t\t\t\t<img decoding=\"async\" src=\"\/\/gesundheitspraxis-zoller.ch\/wp-content\/plugins\/revslider\/public\/assets\/assets\/dummy.png\" alt=\"\" title=\"Datenschutz\" class=\"rev-slidebg tp-rs-img rs-lazyload\" data-lazyload=\"\/\/gesundheitspraxis-zoller.ch\/wp-content\/uploads\/2018\/10\/test5.jpg\" data-no-retina>\n<!---->\t\t\t\t\t\t<\/rs-slide>\n\t\t\t\t\t<\/rs-slides>\n\t\t\t\t<\/rs-module>\n\t\t\t\t<script>\n\t\t\t\t\tsetREVStartSize({c: 'rev_slider_5_1',rl:[1240,1024,778,480],el:[],gw:[1240],gh:[300],type:'standard',justify:'',layout:'fullwidth',mh:\"0\"});if (window.RS_MODULES!==undefined && window.RS_MODULES.modules!==undefined && window.RS_MODULES.modules[\"revslider51\"]!==undefined) {window.RS_MODULES.modules[\"revslider51\"].once = false;window.revapi5 = undefined;if (window.RS_MODULES.checkMinimal!==undefined) window.RS_MODULES.checkMinimal()}\n\t\t\t\t<\/script>\n\t\t\t<\/rs-module-wrap>\n\t\t\t<!-- END REVOLUTION SLIDER -->\n[\/vc_column_text][\/vc_column][\/vc_row][vc_row][vc_column][vc_empty_space height=&#8221;92px&#8221;][\/vc_column][\/vc_row][vc_row][vc_column][vc_column_text]<a href=\"#\" class=\"_brlbs-btn-cookie-preference borlabs-cookie-preference\">Cookie Einstellungen \u00c4ndern<\/a><\/p>\n<div class=\"BorlabsCookie\" data-borlabs-cookie-consent-history><div class=\"_brlbs-responsive-table\"><table class=\"_brlbs-table\"><thead><tr><th class=\"_brlbs-table-date\" scope=\"col\">Datum<\/th><th class=\"_brlbs-table-version\" scope=\"col\">Version<\/th><th class=\"_brlbs-table-consents\" scope=\"col\">Einwilligungen<\/th><\/tr><\/thead><\/table><\/div><\/div>\n<p class=\"p1\"><span class=\"s1\">Diese Datenschutzerkl\u00e4rung kl\u00e4rt Sie \u00fcber die Art, den Umfang und Zweck der Verarbeitung von personenbezogenen Daten (nachfolgend kurz \u201eDaten\u201c) innerhalb unseres Onlineangebotes und der mit ihm verbundenen Webseiten, Funktionen und Inhalte sowie externen Onlinepr\u00e4senzen, wie z.B. unser Social Media Profile auf (nachfolgend gemeinsam bezeichnet als \u201eOnlineangebot\u201c). Im Hinblick auf die verwendeten Begrifflichkeiten, wie z.B. \u201eVerarbeitung\u201c oder \u201eVerantwortlicher\u201c verweisen wir auf die Definitionen im Art. 4 der Datenschutzgrundverordnung (DSGVO).<\/span><\/p>\n<p>&nbsp;<\/p>\n<p class=\"p2\"><span class=\"s1\"><b>Verantwortlicher<\/b><\/span><\/p>\n<p class=\"p1\"><span class=\"s1\">Gesundheitspraxis Zoller<br \/>\nUntere Gasse 23, 7000 Chur<br \/>\nSchweiz<br \/>\n<a href=\"mailto:info@gesundheitspraxis-zoller.ch\">info@gesundheitspraxis-zoller.ch<\/a><br \/>\n<\/span><\/p>\n<p class=\"p1\"><span class=\"s1\">Inhaberin: Kordula Maria Zoller<br \/>\nLink zum Datenschutz: https:\/\/gesundheitspraxis-zoller.ch\/datenschutz\/<\/span><\/p>\n<p>&nbsp;<\/p>\n<p class=\"p2\"><span class=\"s1\"><b>Arten der verarbeiteten Daten:<\/b><\/span><\/p>\n<p class=\"p1\"><span class=\"s1\">\u2013 Bestandsdaten (z.B., Namen, Adressen).<br \/>\n\u2013 Kontaktdaten (z.B., E-Mail, Telefonnummern).<br \/>\n\u2013 Inhaltsdaten (z.B., Texteingaben, Fotografien, Videos).<br \/>\n\u2013 Nutzungsdaten (z.B., besuchte Webseiten, Interesse an Inhalten, Zugriffszeiten).<br \/>\n\u2013 Meta-\/Kommunikationsdaten (z.B., Ger\u00e4te-Informationen, IP-Adressen).<\/span><\/p>\n<p>&nbsp;<\/p>\n<p class=\"p2\"><span class=\"s1\"><b>Kategorien betroffener Personen<\/b><\/span><\/p>\n<p class=\"p1\"><span class=\"s1\">Besucher und Nutzer des Onlineangebotes (Nachfolgend bezeichnen wir die betroffenen Personen zusammenfassend auch als \u201eNutzer\u201c).<\/span><\/p>\n<p>&nbsp;<\/p>\n<p class=\"p2\"><span class=\"s1\"><b>Zweck der Verarbeitung<\/b><\/span><\/p>\n<p class=\"p1\"><span class=\"s1\">\u2013 Zurverf\u00fcgungstellung des Onlineangebotes, seiner Funktionen und Inhalte.<br \/>\n\u2013 Beantwortung von Kontaktanfragen und Kommunikation mit Nutzern.<br \/>\n\u2013 Sicherheitsma\u00dfnahmen.<br \/>\n\u2013 Reichweitenmessung\/Marketing<\/span><\/p>\n<p>&nbsp;<\/p>\n<p class=\"p2\"><span class=\"s1\"><b>Verwendete Begrifflichkeiten<\/b><\/span><\/p>\n<p class=\"p1\"><span class=\"s1\">\u201ePersonenbezogene Daten\u201c sind alle Informationen, die sich auf eine identifizierte oder identifizierbare nat\u00fcrliche Person (im Folgenden \u201ebetroffene Person\u201c) beziehen; als identifizierbar wird eine nat\u00fcrliche Person angesehen, die direkt oder indirekt, insbesondere mittels Zuordnung zu einer Kennung wie einem Namen, zu einer Kennnummer, zu Standortdaten, zu einer Online-Kennung (z.B. Cookie) oder zu einem oder mehreren besonderen Merkmalen identifiziert werden kann, die Ausdruck der physischen, physiologischen, genetischen, psychischen, wirtschaftlichen, kulturellen oder sozialen Identit\u00e4t dieser nat\u00fcrlichen Person sind.<\/span><\/p>\n<p class=\"p1\"><span class=\"s1\">\u201eVerarbeitung\u201c ist jeder mit oder ohne Hilfe automatisierter Verfahren ausgef\u00fchrte Vorgang oder jede solche Vorgangsreihe im Zusammenhang mit personenbezogenen Daten. Der Begriff reicht weit und umfasst praktisch jeden Umgang mit Daten.<\/span><\/p>\n<p class=\"p1\"><span class=\"s1\">\u201ePseudonymisierung\u201c die Verarbeitung personenbezogener Daten in einer Weise, dass die personenbezogenen Daten ohne Hinzuziehung zus\u00e4tzlicher Informationen nicht mehr einer spezifischen betroffenen Person zugeordnet werden k\u00f6nnen, sofern diese zus\u00e4tzlichen Informationen gesondert aufbewahrt werden und technischen und organisatorischen Ma\u00dfnahmen unterliegen, die gew\u00e4hrleisten, dass die personenbezogenen Daten nicht einer identifizierten oder identifizierbaren nat\u00fcrlichen Person zugewiesen werden.<\/span><\/p>\n<p class=\"p1\"><span class=\"s1\">\u201eProfiling\u201c jede Art der automatisierten Verarbeitung personenbezogener Daten, die darin besteht, dass diese personenbezogenen Daten verwendet werden, um bestimmte pers\u00f6nliche Aspekte, die sich auf eine nat\u00fcrliche Person beziehen, zu bewerten, insbesondere um Aspekte bez\u00fcglich Arbeitsleistung, wirtschaftliche Lage, Gesundheit, pers\u00f6nliche Vorlieben, Interessen, Zuverl\u00e4ssigkeit, Verhalten, Aufenthaltsort oder Ortswechsel dieser nat\u00fcrlichen Person zu analysieren oder vorherzusagen.<\/span><\/p>\n<p class=\"p1\"><span class=\"s1\">Als \u201eVerantwortlicher\u201c wird die nat\u00fcrliche oder juristische Person, Beh\u00f6rde, Einrichtung oder andere Stelle, die allein oder gemeinsam mit anderen \u00fcber die Zwecke und Mittel der Verarbeitung von personenbezogenen Daten entscheidet, bezeichnet.<\/span><\/p>\n<p class=\"p1\"><span class=\"s1\">\u201eAuftragsverarbeiter\u201c eine nat\u00fcrliche oder juristische Person, Beh\u00f6rde, Einrichtung oder andere Stelle, die personenbezogene Daten im Auftrag des Verantwortlichen verarbeitet.<\/span><\/p>\n<p>&nbsp;<\/p>\n<p class=\"p2\"><span class=\"s1\"><b>Ma\u00dfgebliche Rechtsgrundlagen<\/b><\/span><\/p>\n<p class=\"p1\"><span class=\"s1\">Nach Ma\u00dfgabe des Art. 13 DSGVO teilen wir Ihnen die Rechtsgrundlagen unserer Datenverarbeitungen mit. Sofern die Rechtsgrundlage in der Datenschutzerkl\u00e4rung nicht genannt wird, gilt Folgendes: Die Rechtsgrundlage f\u00fcr die Einholung von Einwilligungen ist Art. 6 Abs. 1 lit. a und Art. 7 DSGVO, die Rechtsgrundlage f\u00fcr die Verarbeitung zur Erf\u00fcllung unserer Leistungen und Durchf\u00fchrung vertraglicher Ma\u00dfnahmen sowie Beantwortung von Anfragen ist Art. 6 Abs. 1 lit. b DSGVO, die Rechtsgrundlage f\u00fcr die Verarbeitung zur Erf\u00fcllung unserer rechtlichen Verpflichtungen ist Art. 6 Abs. 1 lit. c DSGVO, und die Rechtsgrundlage f\u00fcr die Verarbeitung zur Wahrung unserer berechtigten Interessen ist Art. 6 Abs. 1 lit. f DSGVO. F\u00fcr den Fall, dass lebenswichtige Interessen der betroffenen Person oder einer anderen nat\u00fcrlichen Person eine Verarbeitung personenbezogener Daten erforderlich machen, dient Art. 6 Abs. 1 lit. d DSGVO als Rechtsgrundlage.<\/span><\/p>\n<p>&nbsp;<\/p>\n<p class=\"p2\"><span class=\"s1\"><b>Sicherheitsma\u00dfnahmen<\/b><\/span><\/p>\n<p class=\"p1\"><span class=\"s1\">Wir treffen nach Ma\u00dfgabe des Art. 32 DSGVO unter Ber\u00fccksichtigung des Stands der Technik, der Implementierungskosten und der Art, des Umfangs, der Umst\u00e4nde und der Zwecke der Verarbeitung sowie der unterschiedlichen Eintrittswahrscheinlichkeit und Schwere des Risikos f\u00fcr die Rechte und Freiheiten nat\u00fcrlicher Personen, geeignete technische und organisatorische Ma\u00dfnahmen, um ein dem Risiko angemessenes Schutzniveau zu gew\u00e4hrleisten.<\/span><\/p>\n<p class=\"p1\"><span class=\"s1\">Zu den Ma\u00dfnahmen geh\u00f6ren insbesondere die Sicherung der Vertraulichkeit, Integrit\u00e4t und Verf\u00fcgbarkeit von Daten durch Kontrolle des physischen Zugangs zu den Daten, als auch des sie betreffenden Zugriffs, der Eingabe, Weitergabe, der Sicherung der Verf\u00fcgbarkeit und ihrer Trennung. Des Weiteren haben wir Verfahren eingerichtet, die eine Wahrnehmung von Betroffenenrechten, L\u00f6schung von Daten und Reaktion auf Gef\u00e4hrdung der Daten gew\u00e4hrleisten. Ferner ber\u00fccksichtigen wir den Schutz personenbezogener Daten bereits bei der Entwicklung, bzw. Auswahl von Hardware, Software sowie Verfahren, entsprechend dem Prinzip des Datenschutzes durch Technikgestaltung und durch datenschutzfreundliche Voreinstellungen (Art. 25 DSGVO).<\/span><\/p>\n<p>&nbsp;<\/p>\n<p class=\"p2\"><span class=\"s1\"><b>Zusammenarbeit mit Auftragsverarbeitern und Dritten<\/b><\/span><\/p>\n<p class=\"p1\"><span class=\"s1\">Sofern wir im Rahmen unserer Verarbeitung Daten gegen\u00fcber anderen Personen und Unternehmen (Auftragsverarbeitern oder Dritten) offenbaren, sie an diese \u00fcbermitteln oder ihnen sonst Zugriff auf die Daten gew\u00e4hren, erfolgt dies nur auf Grundlage einer gesetzlichen Erlaubnis (z.B. wenn eine \u00dcbermittlung der Daten an Dritte, wie an Zahlungsdienstleister, gem. Art. 6 Abs. 1 lit. b DSGVO zur Vertragserf\u00fcllung erforderlich ist), Sie eingewilligt haben, eine rechtliche Verpflichtung dies vorsieht oder auf Grundlage unserer berechtigten Interessen (z.B. beim Einsatz von Beauftragten, Webhostern, etc.).<\/span><\/p>\n<p class=\"p1\"><span class=\"s1\">Sofern wir Dritte mit der Verarbeitung von Daten auf Grundlage eines sog. \u201eAuftragsverarbeitungsvertrages\u201c beauftragen, geschieht dies auf Grundlage des Art. 28 DSGVO.<\/span><\/p>\n<p>&nbsp;<\/p>\n<p class=\"p2\"><span class=\"s1\"><b>\u00dcbermittlungen in Drittl\u00e4nder<\/b><\/span><\/p>\n<p class=\"p1\"><span class=\"s1\">Sofern wir Daten in einem Drittland (d.h. au\u00dferhalb der Europ\u00e4ischen Union (EU) oder des Europ\u00e4ischen Wirtschaftsraums (EWR)) verarbeiten oder dies im Rahmen der Inanspruchnahme von Diensten Dritter oder Offenlegung, bzw. \u00dcbermittlung von Daten an Dritte geschieht, erfolgt dies nur, wenn es zur Erf\u00fcllung unserer (vor)vertraglichen Pflichten, auf Grundlage Ihrer Einwilligung, aufgrund einer rechtlichen Verpflichtung oder auf Grundlage unserer berechtigten Interessen geschieht. Vorbehaltlich gesetzlicher oder vertraglicher Erlaubnisse, verarbeiten oder lassen wir die Daten in einem Drittland nur beim Vorliegen der besonderen Voraussetzungen der Art. 44 ff. DSGVO verarbeiten. D.h. die Verarbeitung erfolgt z.B. auf Grundlage besonderer Garantien, wie der offiziell anerkannten Feststellung eines der EU entsprechenden Datenschutzniveaus (z.B. f\u00fcr die USA durch das \u201ePrivacy Shield\u201c) oder Beachtung offiziell anerkannter spezieller vertraglicher Verpflichtungen (so genannte \u201eStandardvertragsklauseln\u201c).<\/span><\/p>\n<p>&nbsp;<\/p>\n<p class=\"p2\"><span class=\"s1\"><b>Rechte der betroffenen Personen<\/b><\/span><\/p>\n<p class=\"p1\"><span class=\"s1\">Sie haben das Recht, eine Best\u00e4tigung dar\u00fcber zu verlangen, ob betreffende Daten verarbeitet werden und auf Auskunft \u00fcber diese Daten sowie auf weitere Informationen und Kopie der Daten entsprechend Art. 15 DSGVO.<\/span><\/p>\n<p class=\"p1\"><span class=\"s1\">Sie haben entsprechend. Art. 16 DSGVO das Recht, die Vervollst\u00e4ndigung der Sie betreffenden Daten oder die Berichtigung der Sie betreffenden unrichtigen Daten zu verlangen.<\/span><\/p>\n<p class=\"p1\"><span class=\"s1\">Sie haben nach Ma\u00dfgabe des Art. 17 DSGVO das Recht zu verlangen, dass betreffende Daten unverz\u00fcglich gel\u00f6scht werden, bzw. alternativ nach Ma\u00dfgabe des Art. 18 DSGVO eine Einschr\u00e4nkung der Verarbeitung der Daten zu verlangen.<\/span><\/p>\n<p class=\"p1\"><span class=\"s1\">Sie haben das Recht zu verlangen, dass die Sie betreffenden Daten, die Sie uns bereitgestellt haben nach Ma\u00dfgabe des Art. 20 DSGVO zu erhalten und deren \u00dcbermittlung an andere Verantwortliche zu fordern.<\/span><\/p>\n<p class=\"p1\"><span class=\"s1\">Sie haben ferner gem. Art. 77 DSGVO das Recht, eine Beschwerde bei der zust\u00e4ndigen Aufsichtsbeh\u00f6rde einzureichen.<\/span><\/p>\n<p>&nbsp;<\/p>\n<p class=\"p2\"><span class=\"s1\"><b>Widerrufsrecht<\/b><\/span><\/p>\n<p class=\"p1\"><span class=\"s1\">Sie haben das Recht, erteilte Einwilligungen gem. Art. 7 Abs. 3 DSGVO mit Wirkung f\u00fcr die Zukunft zu widerrufen<\/span><\/p>\n<p>&nbsp;<\/p>\n<p class=\"p2\"><span class=\"s1\"><b>Widerspruchsrecht<\/b><\/span><\/p>\n<p class=\"p1\"><span class=\"s1\">Sie k\u00f6nnen der k\u00fcnftigen Verarbeitung der Sie betreffenden Daten nach Ma\u00dfgabe des Art. 21 DSGVO jederzeit widersprechen. Der Widerspruch kann insbesondere gegen die Verarbeitung f\u00fcr Zwecke der Direktwerbung erfolgen.<\/span><\/p>\n<p>&nbsp;<\/p>\n<p class=\"p2\"><span class=\"s1\"><b>Cookies und Widerspruchsrecht bei Direktwerbung<\/b><\/span><\/p>\n<p class=\"p1\"><span class=\"s1\">Als \u201eCookies\u201c werden kleine Dateien bezeichnet, die auf Rechnern der Nutzer gespeichert werden. Innerhalb der Cookies k\u00f6nnen unterschiedliche Angaben gespeichert werden. Ein Cookie dient prim\u00e4r dazu, die Angaben zu einem Nutzer (bzw. dem Ger\u00e4t auf dem das Cookie gespeichert ist) w\u00e4hrend oder auch nach seinem Besuch innerhalb eines Onlineangebotes zu speichern. Als tempor\u00e4re Cookies, bzw. \u201eSession-Cookies\u201c oder \u201etransiente Cookies\u201c, werden Cookies bezeichnet, die gel\u00f6scht werden, nachdem ein Nutzer ein Onlineangebot verl\u00e4sst und seinen Browser schlie\u00dft. In einem solchen Cookie kann z.B. der Inhalt eines Warenkorbs in einem Onlineshop oder ein Login-Status gespeichert werden. Als \u201epermanent\u201c oder \u201epersistent\u201c werden Cookies bezeichnet, die auch nach dem Schlie\u00dfen des Browsers gespeichert bleiben. So kann z.B. der Login-Status gespeichert werden, wenn die Nutzer diese nach mehreren Tagen aufsuchen. Ebenso k\u00f6nnen in einem solchen Cookie die Interessen der Nutzer gespeichert werden, die f\u00fcr Reichweitenmessung oder Marketingzwecke verwendet werden. Als \u201eThird-Party-Cookie\u201c werden Cookies bezeichnet, die von anderen Anbietern als dem Verantwortlichen, der das Onlineangebot betreibt, angeboten werden (andernfalls, wenn es nur dessen Cookies sind spricht man von \u201eFirst-Party Cookies\u201c).<\/span><\/p>\n<p class=\"p1\"><span class=\"s1\">Wir k\u00f6nnen tempor\u00e4re und permanente Cookies einsetzen und kl\u00e4ren hier\u00fcber im Rahmen unserer Datenschutzerkl\u00e4rung auf.<\/span><\/p>\n<p class=\"p1\"><span class=\"s1\">Falls die Nutzer nicht m\u00f6chten, dass Cookies auf ihrem Rechner gespeichert werden, werden sie gebeten die entsprechende Option in den Systemeinstellungen ihres Browsers zu deaktivieren. Gespeicherte Cookies k\u00f6nnen in den Systemeinstellungen des Browsers gel\u00f6scht werden. Der Ausschluss von Cookies kann zu Funktionseinschr\u00e4nkungen dieses Onlineangebotes f\u00fchren.<\/span><\/p>\n<p class=\"p1\"><span class=\"s1\">Ein genereller Widerspruch gegen den Einsatz der zu Zwecken des Onlinemarketing eingesetzten Cookies kann bei einer Vielzahl der Dienste, vor allem im Fall des Trackings, \u00fcber die US-amerikanische Seite <a href=\"https:\/\/www.aboutads.info\/choices\/\"><span class=\"s2\">https:\/\/www.aboutads.info\/choices\/<\/span><\/a> oder die EU-Seite <a href=\"https:\/\/www.youronlinechoices.com\/\"><span class=\"s2\">https:\/\/www.youronlinechoices.com\/<\/span><\/a> erkl\u00e4rt werden. Des Weiteren kann die Speicherung von Cookies mittels deren Abschaltung in den Einstellungen des Browsers erreicht werden. Bitte beachten Sie, dass dann gegebenenfalls nicht alle Funktionen dieses Onlineangebotes genutzt werden k\u00f6nnen.<\/span><\/p>\n<div class=\"BorlabsCookie\"><h3 class=\"_brlbs _brlbs-cg-essential\">Essenziell<\/h3><p class=\"_brlbs _brlbs-cg-essential\">Essenzielle Cookies erm\u00f6glichen grundlegende Funktionen und sind f\u00fcr die einwandfreie Funktion der Website erforderlich.<\/p><h4 class=\"_brlbs _brlbs-c-borlabs-cookie\">Borlabs Cookie<\/h4><div class=\"_brlbs-responsive-table\"><table class=\"_brlbs _brlbs-c-borlabs-cookie\"><tr><th scope=\"row\">Name<\/th><td>Borlabs Cookie<\/td><\/tr><tr><th scope=\"row\">Anbieter<\/th><td>Eigent\u00fcmer dieser Website<span>, <\/span><a href=\"https:\/\/gesundheitspraxis-zoller.ch\/impressum\/\">Impressum<\/a><\/td><\/tr><tr><th scope=\"row\">Zweck<\/th><td>Speichert die Einstellungen der Besucher, die in der Cookie Box von Borlabs Cookie ausgew\u00e4hlt wurden.<\/td><\/tr><tr><th scope=\"row\">Cookie Name<\/th><td>borlabs-cookie<\/td><\/tr><tr><th scope=\"row\">Cookie Laufzeit<\/th><td>1 Jahr<\/td><\/tr><\/table><\/div><h3 class=\"_brlbs _brlbs-cg-statistics\">Statistiken<\/h3><p class=\"_brlbs _brlbs-cg-statistics\">Statistik Cookies erfassen Informationen anonym. Diese Informationen helfen uns zu verstehen, wie unsere Besucher unsere Website nutzen.<\/p><h3 class=\"_brlbs _brlbs-cg-marketing\">Marketing<\/h3><p class=\"_brlbs _brlbs-cg-marketing\">Marketing-Cookies werden von Drittanbietern oder Publishern verwendet, um personalisierte Werbung anzuzeigen. Sie tun dies, indem sie Besucher \u00fcber Websites hinweg verfolgen.<\/p><h3 class=\"_brlbs _brlbs-cg-external-media\">Externe Medien<\/h3><p class=\"_brlbs _brlbs-cg-external-media\">Inhalte von Videoplattformen und Social-Media-Plattformen werden standardm\u00e4\u00dfig blockiert. Wenn Cookies von externen Medien akzeptiert werden, bedarf der Zugriff auf diese Inhalte keiner manuellen Einwilligung mehr.<\/p><h4 class=\"_brlbs _brlbs-c-facebook\">Facebook<\/h4><div class=\"_brlbs-responsive-table\"><table class=\"_brlbs _brlbs-c-facebook\"><tr><th scope=\"row\">Name<\/th><td>Facebook<\/td><\/tr><tr><th scope=\"row\">Anbieter<\/th><td>Meta Platforms Ireland Limited, 4 Grand Canal Square, Dublin 2, Ireland<\/td><\/tr><tr><th scope=\"row\">Zweck<\/th><td>Wird verwendet, um Facebook-Inhalte zu entsperren.<\/td><\/tr><tr><th scope=\"row\">Datenschutzerkl\u00e4rung<\/th><td><a href=\"https:\/\/www.facebook.com\/privacy\/explanation\" target=\"_blank\" rel=\"nofollow noopener noreferrer\">https:\/\/www.facebook.com\/privacy\/explanation<\/a><\/td><\/tr><tr><th scope=\"row\">Host(s)<\/th><td>.facebook.com<\/td><\/tr><\/table><\/div><h4 class=\"_brlbs _brlbs-c-googlemaps\">Google Maps<\/h4><div class=\"_brlbs-responsive-table\"><table class=\"_brlbs _brlbs-c-googlemaps\"><tr><th scope=\"row\">Name<\/th><td>Google Maps<\/td><\/tr><tr><th scope=\"row\">Anbieter<\/th><td>Google Ireland Limited, Gordon House, Barrow Street, Dublin 4, Ireland<\/td><\/tr><tr><th scope=\"row\">Zweck<\/th><td>Wird zum Entsperren von Google Maps-Inhalten verwendet.<\/td><\/tr><tr><th scope=\"row\">Datenschutzerkl\u00e4rung<\/th><td><a href=\"https:\/\/policies.google.com\/privacy\" target=\"_blank\" rel=\"nofollow noopener noreferrer\">https:\/\/policies.google.com\/privacy<\/a><\/td><\/tr><tr><th scope=\"row\">Host(s)<\/th><td>.google.com<\/td><\/tr><tr><th scope=\"row\">Cookie Name<\/th><td>NID<\/td><\/tr><tr><th scope=\"row\">Cookie Laufzeit<\/th><td>6 Monate<\/td><\/tr><\/table><\/div><\/div>\n<p class=\"p2\"><span class=\"s1\"><b>L\u00f6schung von Daten<\/b><\/span><\/p>\n<p class=\"p1\"><span class=\"s1\">Die von uns verarbeiteten Daten werden nach Ma\u00dfgabe der Art. 17 und 18 DSGVO gel\u00f6scht oder in ihrer Verarbeitung eingeschr\u00e4nkt. Sofern nicht im Rahmen dieser Datenschutzerkl\u00e4rung ausdr\u00fccklich angegeben, werden die bei uns gespeicherten Daten gel\u00f6scht, sobald sie f\u00fcr ihre Zweckbestimmung nicht mehr erforderlich sind und der L\u00f6schung keine gesetzlichen Aufbewahrungspflichten entgegenstehen. Sofern die Daten nicht gel\u00f6scht werden, weil sie f\u00fcr andere und gesetzlich zul\u00e4ssige Zwecke erforderlich sind, wird deren Verarbeitung eingeschr\u00e4nkt. D.h. die Daten werden gesperrt und nicht f\u00fcr andere Zwecke verarbeitet. Das gilt z.B. f\u00fcr Daten, die aus handels- oder steuerrechtlichen Gr\u00fcnden aufbewahrt werden m\u00fcssen.<\/span><\/p>\n<p class=\"p1\"><span class=\"s1\">Nach gesetzlichen Vorgaben in Deutschland, erfolgt die Aufbewahrung insbesondere f\u00fcr 10 Jahre gem\u00e4\u00df \u00a7\u00a7 147 Abs. 1 AO, 257 Abs. 1 Nr. 1 und 4, Abs. 4 HGB (B\u00fccher, Aufzeichnungen, Lageberichte, Buchungsbelege, Handelsb\u00fccher, f\u00fcr Besteuerung relevanter Unterlagen, etc.) und 6 Jahre gem\u00e4\u00df \u00a7 257 Abs. 1 Nr. 2 und 3, Abs. 4 HGB (Handelsbriefe).<\/span><\/p>\n<p class=\"p1\"><span class=\"s1\">Nach gesetzlichen Vorgaben in \u00d6sterreich erfolgt die Aufbewahrung insbesondere f\u00fcr 7 J gem\u00e4\u00df \u00a7 132 Abs. 1 BAO (Buchhaltungsunterlagen, Belege\/Rechnungen, Konten, Belege, Gesch\u00e4ftspapiere, Aufstellung der Einnahmen und Ausgaben, etc.), f\u00fcr 22 Jahre im Zusammenhang mit Grundst\u00fccken und f\u00fcr 10 Jahre bei Unterlagen im Zusammenhang mit elektronisch erbrachten Leistungen, Telekommunikations-, Rundfunk- und Fernsehleistungen, die an Nichtunternehmer in EU-Mitgliedstaaten erbracht werden und f\u00fcr die der Mini-One-Stop-Shop (MOSS) in Anspruch genommen wird.<\/span><\/p>\n<p>&nbsp;<\/p>\n<p class=\"p2\"><span class=\"s1\"><b>Therapeutische Leistungen und Coaching<\/b><\/span><\/p>\n<p class=\"p1\"><span class=\"s1\">Wir verarbeiten die Daten unserer Klienten und Interessenten und anderer Auftraggeber oder Vertragspartner (einheitlich bezeichnet als \u201eKlienten\u201c) entsprechend Art. 6 Abs. 1 lit. b) DSGVO, um ihnen gegen\u00fcber unsere vertraglichen oder vorvertraglichen Leistungen zu erbringen. Die hierbei verarbeiteten Daten, die Art, der Umfang und der Zweck und die Erforderlichkeit ihrer Verarbeitung, bestimmen sich nach dem zugrundeliegenden Vertragsverh\u00e4ltnis. Zu den verarbeiteten Daten geh\u00f6ren grunds\u00e4tzlich Bestands- und Stammdaten der Klienten (z.B., Name, Adresse, etc.), als auch die Kontaktdaten (z.B., E-Mailadresse, Telefon, etc.), die Vertragsdaten (z.B., in Anspruch genommene Leistungen, Honorare, Namen von Kontaktpersonen, etc.) und Zahlungsdaten (z.B., Bankverbindung, Zahlungshistorie, etc.).<\/span><\/p>\n<p class=\"p1\"><span class=\"s1\">Im Rahmen unserer Leistungen, k\u00f6nnen wir ferner besondere Kategorien von Daten gem. Art. 9 Abs. 1 DSGVO, insbesondere Angaben zur Gesundheit der Klienten, ggf. mit Bezug zu deren Sexualleben oder der sexuellen Orientierung, ethnischer Herkunft oder religi\u00f6sen oder weltanschaulichen \u00dcberzeugungen, verarbeiten. Hierzu holen wir, sofern erforderlich, gem. Art. 6 Abs. 1 lit. a., Art. 7, Art. 9 Abs. 2 lit. a. DSGVO eine ausdr\u00fcckliche Einwilligung der Klienten ein und verarbeiten die besonderen Kategorien von Daten ansonsten zu Zwecken der Gesundheitsvorsorge auf Grundlage des Art. 9 Abs. 2 lit h. DSGVO, \u00a7 22 Abs. 1 Nr. 1 b. BDSG.<\/span><\/p>\n<p class=\"p1\"><span class=\"s1\">Sofern f\u00fcr die Vertragserf\u00fcllung oder gesetzlich erforderlich, offenbaren oder \u00fcbermitteln wir die Daten der Klienten im Rahmen der Kommunikation mit anderen Fachkr\u00e4ften, an der Vertragserf\u00fcllung erforderlicherweise oder typischerweise beteiligten Dritten, wie z.B. Abrechnungsstellen oder vergleichbare Dienstleister, sofern dies der Erbringung unserer Leistungen gem. Art. 6 Abs. 1 lit b. DSGVO dient, gesetzlich gem. Art. 6 Abs. 1 lit c. DSGVO vorgeschrieben ist, unseren Interessen oder denen der Klienten an einer effizienten und kosteng\u00fcnstigen Gesundheitsversorgung als berechtigtes Interesse gem. Art. 6 Abs. 1 lit f. DSGVO dient oder gem. Art. 6 Abs. 1 lit d. DSGVO notwendig ist. um lebenswichtige Interessen der Klienten oder einer anderen nat\u00fcrlichen Person zu sch\u00fctzen oder im Rahmen einer Einwilligung gem. Art. 6 Abs. 1 lit. a., Art. 7 DSGVO.<\/span><\/p>\n<p class=\"p1\"><span class=\"s1\">Die L\u00f6schung der Daten erfolgt, wenn die Daten zur Erf\u00fcllung vertraglicher oder gesetzlicher F\u00fcrsorgepflichten sowie Umgang mit etwaigen Gew\u00e4hrleistungs- und vergleichbaren Pflichten nicht mehr erforderlich ist, wobei die Erforderlichkeit der Aufbewahrung der Daten alle drei Jahre \u00fcberpr\u00fcft wird; im \u00dcbrigen gelten die gesetzlichen Aufbewahrungspflichten.<\/span><\/p>\n<p>&nbsp;<\/p>\n<p class=\"p2\"><span class=\"s1\"><b>Vertragliche Leistungen<\/b><\/span><\/p>\n<p class=\"p1\"><span class=\"s1\">Wir verarbeiten die Daten unserer Vertragspartner und Interessenten sowie anderer Auftraggeber, Kunden, Mandanten, Klienten oder Vertragspartner (einheitlich bezeichnet als \u201eVertragspartner\u201c) entsprechend Art. 6 Abs. 1 lit. b. DSGVO, um ihnen gegen\u00fcber unsere vertraglichen oder vorvertraglichen Leistungen zu erbringen. Die hierbei verarbeiteten Daten, die Art, der Umfang und der Zweck und die Erforderlichkeit ihrer Verarbeitung, bestimmen sich nach dem zugrundeliegenden Vertragsverh\u00e4ltnis.<\/span><\/p>\n<p class=\"p1\"><span class=\"s1\">Zu den verarbeiteten Daten geh\u00f6ren die Stammdaten unserer Vertragspartner (z.B., Namen und Adressen), Kontaktdaten (z.B. E-Mailadressen und Telefonnummern) sowie Vertragsdaten (z.B., in Anspruch genommene Leistungen, Vertragsinhalte, vertragliche Kommunikation, Namen von Kontaktpersonen) und Zahlungsdaten (z.B., Bankverbindungen, Zahlungshistorie).<\/span><\/p>\n<p class=\"p1\"><span class=\"s1\">Besondere Kategorien personenbezogener Daten verarbeiten wir grunds\u00e4tzlich nicht, au\u00dfer wenn diese Bestandteile einer beauftragten oder vertragsgem\u00e4\u00dfen Verarbeitung sind.<\/span><\/p>\n<p class=\"p1\"><span class=\"s1\">Wir verarbeiten Daten, die zur Begr\u00fcndung und Erf\u00fcllung der vertraglichen Leistungen erforderlich sind und weisen auf die Erforderlichkeit ihrer Angabe, sofern diese f\u00fcr die Vertragspartner nicht evident ist, hin. Eine Offenlegung an externe Personen oder Unternehmen erfolgt nur, wenn sie im Rahmen eines Vertrags erforderlich ist. Bei der Verarbeitung der uns im Rahmen eines Auftrags \u00fcberlassenen Daten, handeln wir entsprechend den Weisungen der Auftraggeber sowie der gesetzlichen Vorgaben.<\/span><\/p>\n<p class=\"p1\"><span class=\"s1\">Im Rahmen der Inanspruchnahme unserer Onlinedienste, k\u00f6nnen wir die IP-Adresse und den Zeitpunkt der jeweiligen Nutzerhandlung speichern. Die Speicherung erfolgt auf Grundlage unserer berechtigten Interessen, als auch der Interessen der Nutzer am Schutz vor Missbrauch und sonstiger unbefugter Nutzung. Eine Weitergabe dieser Daten an Dritte erfolgt grunds\u00e4tzlich nicht, au\u00dfer sie ist zur Verfolgung unserer Anspr\u00fcche gem. Art. 6 Abs. 1 lit. f. DSGVO erforderlich oder es besteht hierzu eine gesetzliche Verpflichtung gem. Art. 6 Abs. 1 lit. c. DSGVO.<\/span><\/p>\n<p class=\"p1\"><span class=\"s1\">Die L\u00f6schung der Daten erfolgt, wenn die Daten zur Erf\u00fcllung vertraglicher oder gesetzlicher F\u00fcrsorgepflichten sowie f\u00fcr den Umgang mit etwaigen Gew\u00e4hrleistungs- und vergleichbaren Pflichten nicht mehr erforderlich sind, wobei die Erforderlichkeit der Aufbewahrung der Daten alle drei Jahre \u00fcberpr\u00fcft wird; im \u00dcbrigen gelten die gesetzlichen Aufbewahrungspflichten.<\/span><\/p>\n<p>&nbsp;<\/p>\n<p class=\"p2\"><span class=\"s1\"><b>Administration, Finanzbuchhaltung, B\u00fcroorganisation, Kontaktverwaltung<\/b><\/span><\/p>\n<p class=\"p1\"><span class=\"s1\">Wir verarbeiten Daten im Rahmen von Verwaltungsaufgaben sowie Organisation unseres Betriebs, Finanzbuchhaltung und Befolgung der gesetzlichen Pflichten, wie z.B. der Archivierung. Hierbei verarbeiten wir dieselben Daten, die wir im Rahmen der Erbringung unserer vertraglichen Leistungen verarbeiten. Die Verarbeitungsgrundlagen sind Art. 6 Abs. 1 lit. c. DSGVO, Art. 6 Abs. 1 lit. f. DSGVO. Von der Verarbeitung sind Kunden, Interessenten, Gesch\u00e4ftspartner und Websitebesucher betroffen. Der Zweck und unser Interesse an der Verarbeitung liegt in der Administration, Finanzbuchhaltung, B\u00fcroorganisation, Archivierung von Daten, also Aufgaben die der Aufrechterhaltung unserer Gesch\u00e4ftst\u00e4tigkeiten, Wahrnehmung unserer Aufgaben und Erbringung unserer Leistungen dienen. Die L\u00f6schung der Daten im Hinblick auf vertragliche Leistungen und die vertragliche Kommunikation entspricht den, bei diesen Verarbeitungst\u00e4tigkeiten genannten Angaben.<\/span><\/p>\n<p class=\"p1\"><span class=\"s1\">Wir offenbaren oder \u00fcbermitteln hierbei Daten an die Finanzverwaltung, Berater, wie z.B., Steuerberater oder Wirtschaftspr\u00fcfer sowie weitere Geb\u00fchrenstellen und Zahlungsdienstleister.<\/span><\/p>\n<p class=\"p1\"><span class=\"s1\">Ferner speichern wir auf Grundlage unserer betriebswirtschaftlichen Interessen Angaben zu Lieferanten, Veranstaltern und sonstigen Gesch\u00e4ftspartnern, z.B. zwecks sp\u00e4terer Kontaktaufnahme. Diese mehrheitlich unternehmensbezogenen Daten, speichern wir grunds\u00e4tzlich dauerhaft.<\/span><\/p>\n<p>&nbsp;<\/p>\n<p class=\"p2\"><span class=\"s1\"><b>Betriebswirtschaftliche Analysen und Marktforschung<\/b><\/span><\/p>\n<p class=\"p1\"><span class=\"s1\">Um unser Gesch\u00e4ft wirtschaftlich betreiben, Markttendenzen, W\u00fcnsche der Vertragspartner und Nutzer erkennen zu k\u00f6nnen, analysieren wir die uns vorliegenden Daten zu Gesch\u00e4ftsvorg\u00e4ngen, Vertr\u00e4gen, Anfragen, etc. Wir verarbeiten dabei Bestandsdaten, Kommunikationsdaten, Vertragsdaten, Zahlungsdaten, Nutzungsdaten, Metadaten auf Grundlage des Art. 6 Abs. 1 lit. f. DSGVO, wobei zu den betroffenen Personen Vertragspartner, Interessenten, Kunden, Besucher und Nutzer unseres Onlineangebotes geh\u00f6ren.<\/span><\/p>\n<p class=\"p1\"><span class=\"s1\">Die Analysen erfolgen zum Zweck betriebswirtschaftlicher Auswertungen, des Marketings und der Marktforschung. Dabei k\u00f6nnen wir die Profile der registrierten Nutzer mit Angaben, z.B. zu deren in Anspruch genommenen Leistungen, ber\u00fccksichtigen. Die Analysen dienen uns zur Steigerung der Nutzerfreundlichkeit, der Optimierung unseres Angebotes und der Betriebswirtschaftlichkeit. Die Analysen dienen alleine uns und werden nicht extern offenbart, sofern es sich nicht um anonyme Analysen mit zusammengefassten Werten handelt.<\/span><\/p>\n<p class=\"p1\"><span class=\"s1\">Sofern diese Analysen oder Profile personenbezogen sind, werden sie mit K\u00fcndigung der Nutzer gel\u00f6scht oder anonymisiert, sonst nach zwei Jahren ab Vertragsschluss. Im \u00dcbrigen werden die gesamtbetriebswirtschaftlichen Analysen und allgemeine Tendenzbestimmungen nach M\u00f6glichkeit anonym erstellt.<\/span><\/p>\n<p>&nbsp;<\/p>\n<p class=\"p2\"><span class=\"s1\"><b>Registrierfunktion<\/b><\/span><\/p>\n<p class=\"p1\"><span class=\"s1\">Nutzer k\u00f6nnen ein Nutzerkonto anlegen. Im Rahmen der Registrierung werden die erforderlichen Pflichtangaben den Nutzern mitgeteilt und auf Grundlage des Art. 6 Abs. 1 lit. b DSGVO zu Zwecken der Bereitstellung des Nutzerkontos verarbeitet. Zu den verarbeiteten Daten geh\u00f6ren insbesondere die Login-Informationen (Name, Passwort sowie eine E-Mailadresse). Die im Rahmen der Registrierung eingegebenen Daten werden f\u00fcr die Zwecke der Nutzung des Nutzerkontos und dessen Zwecks verwendet.<\/span><\/p>\n<p class=\"p1\"><span class=\"s1\">Die Nutzer k\u00f6nnen \u00fcber Informationen, die f\u00fcr deren Nutzerkonto relevant sind, wie z.B. technische \u00c4nderungen, per E-Mail informiert werden. Wenn Nutzer ihr Nutzerkonto gek\u00fcndigt haben, werden deren Daten im Hinblick auf das Nutzerkonto, vorbehaltlich einer gesetzlichen Aufbewahrungspflicht, gel\u00f6scht. Es obliegt den Nutzern, ihre Daten bei erfolgter K\u00fcndigung vor dem Vertragsende zu sichern. Wir sind berechtigt, s\u00e4mtliche w\u00e4hrend der Vertragsdauer gespeicherten Daten des Nutzers unwiederbringlich zu l\u00f6schen.<\/span><\/p>\n<p class=\"p1\"><span class=\"s1\">Im Rahmen der Inanspruchnahme unserer Registrierungs- und Anmeldefunktionen sowie der Nutzung des Nutzerkontos, speichern wird die IP-Adresse und den Zeitpunkt der jeweiligen Nutzerhandlung. Die Speicherung erfolgt auf Grundlage unserer berechtigten Interessen, als auch der Nutzer an Schutz vor Missbrauch und sonstiger unbefugter Nutzung. Eine Weitergabe dieser Daten an Dritte erfolgt grunds\u00e4tzlich nicht, au\u00dfer sie ist zur Verfolgung unserer Anspr\u00fcche erforderlich oder es besteht hierzu besteht eine gesetzliche Verpflichtung gem. Art. 6 Abs. 1 lit. c DSGVO. Die IP-Adressen werden sp\u00e4testens nach 7 Tagen anonymisiert oder gel\u00f6scht.<\/span><\/p>\n<p>&nbsp;<\/p>\n<p class=\"p2\"><span class=\"s1\"><b>Kommentare und Beitr\u00e4ge<\/b><\/span><\/p>\n<p class=\"p1\"><span class=\"s1\">Wenn Nutzer Kommentare oder sonstige Beitr\u00e4ge hinterlassen, k\u00f6nnen ihre IP-Adressen auf Grundlage unserer berechtigten Interessen im Sinne des Art. 6 Abs. 1 lit. f. DSGVO f\u00fcr 7 Tage gespeichert werden. Das erfolgt zu unserer Sicherheit, falls jemand in Kommentaren und Beitr\u00e4gen widerrechtliche Inhalte hinterl\u00e4sst (Beleidigungen, verbotene politische Propaganda, etc.). In diesem Fall k\u00f6nnen wir selbst f\u00fcr den Kommentar oder Beitrag belangt werden und sind daher an der Identit\u00e4t des Verfassers interessiert.<\/span><\/p>\n<p class=\"p1\"><span class=\"s1\">Des Weiteren behalten wir uns vor, auf Grundlage unserer berechtigten Interessen gem. Art. 6 Abs. 1 lit. f. DSGVO, die Angaben der Nutzer zwecks Spamerkennung zu verarbeiten.<\/span><\/p>\n<p class=\"p1\"><span class=\"s1\">Die im Rahmen der Kommentare und Beitr\u00e4ge angegebenen Daten, werden von uns bis zum Widerspruch der Nutzer dauerhaft gespeichert.<\/span><\/p>\n<p>&nbsp;<\/p>\n<p class=\"p2\"><span class=\"s1\"><b>Akismet Anti-Spam-Pr\u00fcfung<\/b><\/span><\/p>\n<p class=\"p1\"><span class=\"s1\">Unser Onlineangebot nutzt den Dienst \u201eAkismet\u201c, der von der Automattic Inc., 60 29th Street #343, San Francisco, CA 94110, USA, angeboten wird. Die Nutzung erfolgt auf Grundlage unserer berechtigten Interessen im Sinne des Art. 6 Abs. 1 lit. f) DSGVO. Mit Hilfe dieses Dienstes werden Kommentare echter Menschen von Spam-Kommentaren unterschieden. Dazu werden alle Kommentarangaben an einen Server in den USA verschickt, wo sie analysiert und f\u00fcr Vergleichszwecke vier Tage lang gespeichert werden. Ist ein Kommentar als Spam eingestuft worden, werden die Daten \u00fcber diese Zeit hinaus gespeichert. Zu diesen Angaben geh\u00f6ren der eingegebene Name, die Emailadresse, die IP-Adresse, der Kommentarinhalt, der Referrer, Angaben zum verwendeten Browser sowie dem Computersystem und die Zeit des Eintrags.<\/span><\/p>\n<p class=\"p1\"><span class=\"s1\">N\u00e4here Informationen zur Erhebung und Nutzung der Daten durch Akismet finden sich in den Datenschutzhinweisen von Automattic: <a href=\"https:\/\/automattic.com\/privacy\/\"><span class=\"s2\">https:\/\/automattic.com\/privacy\/<\/span><\/a>.<\/span><\/p>\n<p class=\"p1\"><span class=\"s1\">Nutzer k\u00f6nnen gerne Pseudonyme nutzen, oder auf die Eingabe des Namens oder der Emailadresse verzichten. Sie k\u00f6nnen die \u00dcbertragung der Daten komplett verhindern, indem Sie unser Kommentarsystem nicht nutzen. Das w\u00e4re schade, aber leider sehen wir sonst keine Alternativen, die ebenso effektiv arbeiten.<\/span><\/p>\n<p>&nbsp;<\/p>\n<p class=\"p2\"><span class=\"s1\"><b>Abruf von Emojis und Smilies<\/b><\/span><\/p>\n<p class=\"p1\"><span class=\"s1\">Innerhalb unseres WordPress-Blogs werden grafische Emojis (bzw. Smilies), d.h. kleine grafische Dateien, die Gef\u00fchle ausdr\u00fccken, eingesetzt, die von externen Servern bezogen werden. Hierbei erheben die Anbieter der Server, die IP-Adressen der Nutzer. Dies ist notwendig, damit die Emojie-Dateien an die Browser der Nutzer \u00fcbermittelt werden k\u00f6nnen. Der Emojie-Service wird von der Automattic Inc., 60 29th Street #343, San Francisco, CA 94110, USA, angeboten. Datenschutzhinweise von Automattic: <a href=\"https:\/\/automattic.com\/privacy\/\"><span class=\"s2\">https:\/\/automattic.com\/privacy\/<\/span><\/a>. Die verwendeten Server-Domains sind s.w.org und twemoji.maxcdn.com, wobei es sich unseres Wissens nach um sog. Content-Delivery-Networks handelt, also Server, die lediglich einer schnellen und sicheren \u00dcbermittlung der Dateien dienen und die personenbezogenen Daten der Nutzer nach der \u00dcbermittlung gel\u00f6scht werden.<\/span><\/p>\n<p class=\"p1\"><span class=\"s1\">Die Nutzung der Emojis erfolgt auf Grundlage unserer berechtigten Interessen, d.h. Interesse an einer attraktiven Gestaltung unseres Onlineangebotes gem. Art. 6 Abs. 1 lit. f. DSGVO.<\/span><\/p>\n<p>&nbsp;<\/p>\n<p class=\"p2\"><span class=\"s1\"><b>Kontaktaufnahme<\/b><\/span><\/p>\n<p class=\"p1\"><span class=\"s1\">Bei der Kontaktaufnahme mit uns (z.B. per Kontaktformular, E-Mail, Telefon oder via sozialer Medien) werden die Angaben des Nutzers zur Bearbeitung der Kontaktanfrage und deren Abwicklung gem. Art. 6 Abs. 1 lit. b) DSGVO verarbeitet. Die Angaben der Nutzer k\u00f6nnen in einem Customer-Relationship-Management System (\u201eCRM System\u201c) oder vergleichbarer Anfragenorganisation gespeichert werden.<\/span><\/p>\n<p class=\"p1\"><span class=\"s1\">Wir l\u00f6schen die Anfragen, sofern diese nicht mehr erforderlich sind. Wir \u00fcberpr\u00fcfen die Erforderlichkeit alle zwei Jahre; Ferner gelten die gesetzlichen Archivierungspflichten.<\/span><\/p>\n<p>&nbsp;<\/p>\n<p class=\"p2\"><span class=\"s1\"><b>Newsletter \u2013 CleverReach<\/b><\/span><\/p>\n<p class=\"p1\"><span class=\"s1\">Der Versand der Newsletter erfolgt mittels des Versanddienstleisters CleverReach GmbH &amp; Co. KG, M\u00fchlenstr. 43, 26180 Rastede, Deutschland. Die Datenschutzbestimmungen des Versanddienstleisters k\u00f6nnen Sie hier einsehen: <a href=\"https:\/\/www.cleverreach.com\/de\/datenschutz\/\"><span class=\"s2\">https:\/\/www.cleverreach.com\/de\/datenschutz\/<\/span><\/a>. Der Versanddienstleister wird auf Grundlage unserer berechtigten Interessen gem. Art. 6 Abs. 1 lit. f DSGVO und eines Auftragsverarbeitungsvertrages gem. Art. 28 Abs. 3 S. 1 DSGVO eingesetzt.<\/span><\/p>\n<p class=\"p1\"><span class=\"s1\">Der Versanddienstleister kann die Daten der Empf\u00e4nger in pseudonymer Form, d.h. ohne Zuordnung zu einem Nutzer, zur Optimierung oder Verbesserung der eigenen Services nutzen, z.B. zur technischen Optimierung des Versandes und der Darstellung der Newsletter oder f\u00fcr statistische Zwecke verwenden. Der Versanddienstleister nutzt die Daten unserer Newsletterempf\u00e4nger jedoch nicht, um diese selbst anzuschreiben oder um die Daten an Dritte weiterzugeben.<\/span><\/p>\n<p>&nbsp;<\/p>\n<p class=\"p2\"><span class=\"s1\"><b>Google Tag Manager<\/b><\/span><\/p>\n<p class=\"p1\"><span class=\"s1\">Google Tag Manager ist eine L\u00f6sung, mit der wir sog. Website-Tags \u00fcber eine Oberfl\u00e4che verwalten k\u00f6nnen (und so z.B. Google Analytics sowie andere Google-Marketing-Dienste in unser Onlineangebot einbinden). Der Tag Manager selbst (welches die Tags implementiert) verarbeitet keine personenbezogenen Daten der Nutzer. Im Hinblick auf die Verarbeitung der personenbezogenen Daten der Nutzer wird auf die folgenden Angaben zu den Google-Diensten verwiesen. Nutzungsrichtlinien: <a href=\"https:\/\/www.google.com\/intl\/de\/tagmanager\/use-policy.html\"><span class=\"s2\">https:\/\/www.google.com\/intl\/de\/tagmanager\/use-policy.html<\/span><\/a>.<\/span><\/p>\n<p>&nbsp;<\/p>\n<p class=\"p2\"><span class=\"s1\"><b>Google Analytics<\/b><\/span><\/p>\n<p class=\"p1\"><span class=\"s1\">Wir setzen auf Grundlage unserer berechtigten Interessen (d.h. Interesse an der Analyse, Optimierung und wirtschaftlichem Betrieb unseres Onlineangebotes im Sinne des Art. 6 Abs. 1 lit. f. DSGVO) Google Analytics, einen Webanalysedienst der Google LLC (\u201eGoogle\u201c) ein. Google verwendet Cookies. Die durch das Cookie erzeugten Informationen \u00fcber Benutzung des Onlineangebotes durch die Nutzer werden in der Regel an einen Server von Google in den USA \u00fcbertragen und dort gespeichert.<\/span><\/p>\n<p class=\"p1\"><span class=\"s1\">Google ist unter dem Privacy-Shield-Abkommen zertifiziert und bietet hierdurch eine Garantie, das europ\u00e4ische Datenschutzrecht einzuhalten (<a href=\"https:\/\/www.privacyshield.gov\/participant?id=a2zt000000001L5AAI&amp;status=Active\"><span class=\"s2\">https:\/\/www.privacyshield.gov\/participant?id=a2zt000000001L5AAI&amp;status=Active<\/span><\/a>).<\/span><\/p>\n<p class=\"p1\"><span class=\"s1\">Google wird diese Informationen in unserem Auftrag benutzen, um die Nutzung unseres Onlineangebotes durch die Nutzer auszuwerten, um Reports \u00fcber die Aktivit\u00e4ten innerhalb dieses Onlineangebotes zusammenzustellen und um weitere, mit der Nutzung dieses Onlineangebotes und der Internetnutzung verbundene Dienstleistungen, uns gegen\u00fcber zu erbringen. Dabei k\u00f6nnen aus den verarbeiteten Daten pseudonyme Nutzungsprofile der Nutzer erstellt werden.<\/span><\/p>\n<p class=\"p1\"><span class=\"s1\">Wir setzen Google Analytics nur mit aktivierter IP-Anonymisierung ein. Das bedeutet, die IP-Adresse der Nutzer wird von Google innerhalb von Mitgliedstaaten der Europ\u00e4ischen Union oder in anderen Vertragsstaaten des Abkommens \u00fcber den Europ\u00e4ischen Wirtschaftsraum gek\u00fcrzt. Nur in Ausnahmef\u00e4llen wird die volle IP-Adresse an einen Server von Google in den USA \u00fcbertragen und dort gek\u00fcrzt.<\/span><\/p>\n<p class=\"p1\"><span class=\"s1\">Die von dem Browser des Nutzers \u00fcbermittelte IP-Adresse wird nicht mit anderen Daten von Google zusammengef\u00fchrt. Die Nutzer k\u00f6nnen die Speicherung der Cookies durch eine entsprechende Einstellung ihrer Browser-Software verhindern; die Nutzer k\u00f6nnen dar\u00fcber hinaus die Erfassung der durch das Cookie erzeugten und auf ihre Nutzung des Onlineangebotes bezogenen Daten an Google sowie die Verarbeitung dieser Daten durch Google verhindern, indem sie das unter folgendem Link verf\u00fcgbare Browser-Plugin herunterladen und installieren:\u00a0<a href=\"https:\/\/tools.google.com\/dlpage\/gaoptout?hl=de\"><span class=\"s2\">https:\/\/tools.google.com\/dlpage\/gaoptout?hl=de<\/span><\/a>.<\/span><\/p>\n<p class=\"p1\"><span class=\"s1\">Weitere Informationen zur Datennutzung durch Google, Einstellungs- und Widerspruchsm\u00f6glichkeiten, erfahren Sie in der Datenschutzerkl\u00e4rung von Google (<a href=\"https:\/\/policies.google.com\/technologies\/ads\"><span class=\"s2\">https:\/\/policies.google.com\/technologies\/ads<\/span><\/a>) sowie in den Einstellungen f\u00fcr die Darstellung von Werbeeinblendungen durch Google <a href=\"https:\/\/adssettings.google.com\/authenticated\"><span class=\"s2\">(https:\/\/adssettings.google.com\/authenticated<\/span><\/a>).<\/span><\/p>\n<p class=\"p1\"><span class=\"s1\">Die personenbezogenen Daten der Nutzer werden nach 14 Monaten gel\u00f6scht oder anonymisiert.<\/span><\/p>\n<p>&nbsp;<\/p>\n<p class=\"p2\"><span class=\"s1\"><b>Google AdWords und Conversion-Messung<\/b><\/span><\/p>\n<p class=\"p1\"><span class=\"s1\">Wir nutzen auf Grundlage unserer berechtigten Interessen (d.h. Interesse an der Analyse, Optimierung und wirtschaftlichem Betrieb unseres Onlineangebotes im Sinne des Art. 6 Abs. 1 lit. f. DSGVO) die Dienste der Google LLC, 1600 Amphitheatre Parkway, Mountain View, CA 94043, USA, (\u201eGoogle\u201c).<\/span><\/p>\n<p class=\"p1\"><span class=\"s1\">Google ist unter dem Privacy-Shield-Abkommen zertifiziert und bietet hierdurch eine Garantie, das europ\u00e4ische Datenschutzrecht einzuhalten (https:\/\/www.privacyshield.gov\/participant?id=a2zt000000001L5AAI&amp;status=Active).<\/span><\/p>\n<p class=\"p1\"><span class=\"s1\">Wir nutzen das Onlinemarketingverfahren Google \u201eAdWords\u201c, um Anzeigen im Google-Werbe-Netzwerk zu platzieren (z.B., in Suchergebnissen, in Videos, auf Webseiten, etc.), damit sie Nutzern angezeigt werden, die ein mutma\u00dfliches Interesse an den Anzeigen haben. Dies erlaubt uns Anzeigen f\u00fcr und innerhalb unseres Onlineangebotes gezielter anzuzeigen, um Nutzern nur Anzeigen zu pr\u00e4sentieren, die potentiell deren Interessen entsprechen. Falls einem Nutzer z.B. Anzeigen f\u00fcr Produkte angezeigt werden, f\u00fcr die er sich auf anderen Onlineangeboten interessiert hat, spricht man hierbei vom \u201eRemarketing\u201c. Zu diesen Zwecken wird bei Aufruf unserer und anderer Webseiten, auf denen das Google-Werbe-Netzwerk aktiv ist, unmittelbar durch Google ein Code von Google ausgef\u00fchrt und es werden sog. (Re)marketing-Tags (unsichtbare Grafiken oder Code, auch als \u201eWeb Beacons\u201c bezeichnet) in die Webseite eingebunden. Mit deren Hilfe wird auf dem Ger\u00e4t der Nutzer ein individuelles Cookie, d.h. eine kleine Datei abgespeichert (statt Cookies k\u00f6nnen auch vergleichbare Technologien verwendet werden). In dieser Datei wird vermerkt, welche Webseiten der Nutzer aufgesucht, f\u00fcr welche Inhalte er sich interessiert und welche Angebote der Nutzer geklickt hat, ferner technische Informationen zum Browser und Betriebssystem, verweisende Webseiten, Besuchszeit sowie weitere Angaben zur Nutzung des Onlineangebotes.<\/span><\/p>\n<p class=\"p1\"><span class=\"s1\">Ferner erhalten wir ein individuelles \u201eConversion-Cookie\u201c. Die mit Hilfe des Cookies eingeholten Informationen dienen Google dazu, Conversion-Statistiken f\u00fcr uns zu erstellen. Wir erfahren jedoch nur die anonyme Gesamtanzahl der Nutzer, die auf unsere Anzeige geklickt haben und zu einer mit einem Conversion-Tracking-Tag versehenen Seite weitergeleitet wurden. Wir erhalten jedoch keine Informationen, mit denen sich Nutzer pers\u00f6nlich identifizieren lassen.<\/span><\/p>\n<p class=\"p1\"><span class=\"s1\">Die Daten der Nutzer werden im Rahmen des Google-Werbe-Netzwerks pseudonym verarbeitet. D.h. Google speichert und verarbeitet z.B. nicht den Namen oder E-Mailadresse der Nutzer, sondern verarbeitet die relevanten Daten cookie-bezogen innerhalb pseudonymer Nutzerprofile. D.h. aus der Sicht von Google werden die Anzeigen nicht f\u00fcr eine konkret identifizierte Person verwaltet und angezeigt, sondern f\u00fcr den Cookie-Inhaber, unabh\u00e4ngig davon wer dieser Cookie-Inhaber ist. Dies gilt nicht, wenn ein Nutzer Google ausdr\u00fccklich erlaubt hat, die Daten ohne diese Pseudonymisierung zu verarbeiten. Die \u00fcber die Nutzer gesammelten Informationen werden an Google \u00fcbermittelt und auf Googles Servern in den USA gespeichert.<\/span><\/p>\n<p class=\"p1\"><span class=\"s1\">Weitere Informationen zur Datennutzung durch Google, Einstellungs- und Widerspruchsm\u00f6glichkeiten, erfahren Sie in der Datenschutzerkl\u00e4rung von Google (<a href=\"https:\/\/policies.google.com\/technologies\/ads\"><span class=\"s2\">https:\/\/policies.google.com\/technologies\/ads<\/span><\/a>) sowie in den Einstellungen f\u00fcr die Darstellung von Werbeeinblendungen durch Google <a href=\"https:\/\/adssettings.google.com\/authenticated\"><span class=\"s2\">(https:\/\/adssettings.google.com\/authenticated<\/span><\/a>).<\/span><\/p>\n<p>&nbsp;<\/p>\n<p class=\"p2\"><span class=\"s1\"><b>Jetpack (WordPress Stats)<\/b><\/span><\/p>\n<p class=\"p1\"><span class=\"s1\">Wir nutzen auf Grundlage unserer berechtigten Interessen (d.h. Interesse an der Analyse, Optimierung und wirtschaftlichem Betrieb unseres Onlineangebotes im Sinne des Art. 6 Abs. 1 lit. f. DSGVO) das Plugin Jetpack (hier die Unterfunktion \u201eWordpress Stats\u201c), welches ein Tool zur statistischen Auswertung der Besucherzugriffe einbindet und von Automattic Inc., 60 29th Street #343, San Francisco, CA 94110, USA. Jetpack verwendet sog. \u201eCookies\u201c, Textdateien, die auf Ihrem Computer gespeichert werden und die eine Analyse der Benutzung der Website durch Sie erm\u00f6glichen.<\/span><\/p>\n<p class=\"p1\"><span class=\"s1\">Die durch das Cookie erzeugten Informationen \u00fcber Ihre Benutzung dieses Onlineangebotes werden auf einem Server in den USA gespeichert. Dabei k\u00f6nnen aus den verarbeiteten Daten Nutzungsprofile der Nutzer erstellt werden, wobei diese nur zu Analyse- und nicht zu Werbezwecken eingesetzt werden. Weitere Informationen erhalten Sie in den Datenschutzerkl\u00e4rungen von Automattic: <a href=\"https:\/\/automattic.com\/privacy\/\"><span class=\"s2\">https:\/\/automattic.com\/privacy\/<\/span><\/a> und Hinweisen zu Jetpack-Cookies:\u00a0<a href=\"https:\/\/jetpack.com\/support\/cookies\/\"><span class=\"s2\">https:\/\/jetpack.com\/support\/cookies\/<\/span><\/a>.<\/span><\/p>\n<p>&nbsp;<\/p>\n<p class=\"p2\"><span class=\"s1\"><b>Facebook-Pixel, Custom Audiences und Facebook-Conversion<\/b><\/span><\/p>\n<p class=\"p1\"><span class=\"s1\">Innerhalb unseres Onlineangebotes wird aufgrund unserer berechtigten Interessen an Analyse, Optimierung und wirtschaftlichem Betrieb unseres Onlineangebotes und zu diesen Zwecken das sog. \u201eFacebook-Pixel\u201c des sozialen Netzwerkes Facebook, welches von der Facebook Inc., 1 Hacker Way, Menlo Park, CA 94025, USA, bzw. falls Sie in der EU ans\u00e4ssig sind, Facebook Ireland Ltd., 4 Grand Canal Square, Grand Canal Harbour, Dublin 2, Irland betrieben wird (\u201eFacebook\u201c), eingesetzt.<\/span><\/p>\n<p class=\"p1\"><span class=\"s1\">Facebook ist unter dem Privacy-Shield-Abkommen zertifiziert und bietet hierdurch eine Garantie, das europ\u00e4ische Datenschutzrecht einzuhalten (<a href=\"https:\/\/www.privacyshield.gov\/participant?id=a2zt0000000GnywAAC&amp;status=Active\"><span class=\"s2\">https:\/\/www.privacyshield.gov\/participant?id=a2zt0000000GnywAAC&amp;status=Active<\/span><\/a>).<\/span><\/p>\n<p class=\"p1\"><span class=\"s1\">Mit Hilfe des Facebook-Pixels ist es Facebook zum einen m\u00f6glich, die Besucher unseres Onlineangebotes als Zielgruppe f\u00fcr die Darstellung von Anzeigen (sog. \u201eFacebook-Ads\u201c) zu bestimmen. Dementsprechend setzen wir das Facebook-Pixel ein, um die durch uns geschalteten Facebook-Ads nur solchen Facebook-Nutzern anzuzeigen, die auch ein Interesse an unserem Onlineangebot gezeigt haben oder die bestimmte Merkmale (z.B. Interessen an bestimmten Themen oder Produkten, die anhand der besuchten Webseiten bestimmt werden) aufweisen, die wir an Facebook \u00fcbermitteln (sog. \u201eCustom Audiences\u201c). Mit Hilfe des Facebook-Pixels m\u00f6chten wir auch sicherstellen, dass unsere Facebook-Ads dem potentiellen Interesse der Nutzer entsprechen und nicht bel\u00e4stigend wirken. Mit Hilfe des Facebook-Pixels k\u00f6nnen wir ferner die Wirksamkeit der Facebook-Werbeanzeigen f\u00fcr statistische und Marktforschungszwecke nachvollziehen, in dem wir sehen ob Nutzer nachdem Klick auf eine Facebook-Werbeanzeige auf unsere Website weitergeleitet wurden (sog. \u201eConversion\u201c).<\/span><\/p>\n<p class=\"p1\"><span class=\"s1\">Die Verarbeitung der Daten durch Facebook erfolgt im Rahmen von Facebooks Datenverwendungsrichtlinie. Dementsprechend generelle Hinweise zur Darstellung von Facebook-Ads, in der Datenverwendungsrichtlinie von Facebook:\u00a0<a href=\"https:\/\/www.facebook.com\/policy.php\"><span class=\"s2\">https:\/\/www.facebook.com\/policy.php<\/span><\/a>. Spezielle Informationen und Details zum Facebook-Pixel und seiner Funktionsweise erhalten Sie im Hilfebereich von Facebook: <a href=\"https:\/\/www.facebook.com\/business\/help\/651294705016616\"><span class=\"s2\">https:\/\/www.facebook.com\/business\/help\/651294705016616<\/span><\/a>.<\/span><\/p>\n<p class=\"p1\"><span class=\"s1\">Sie k\u00f6nnen der Erfassung durch den Facebook-Pixel und Verwendung Ihrer Daten zur Darstellung von Facebook-Ads widersprechen. Um einzustellen, welche Arten von Werbeanzeigen Ihnen innerhalb von Facebook angezeigt werden, k\u00f6nnen Sie die von Facebook eingerichtete Seite aufrufen und dort die Hinweise zu den Einstellungen nutzungsbasierter Werbung befolgen:\u00a0<a href=\"https:\/\/www.facebook.com\/settings?tab=ads\"><span class=\"s2\">https:\/\/www.facebook.com\/settings?tab=ads<\/span><\/a>. Die Einstellungen erfolgen plattformunabh\u00e4ngig, d.h. sie werden f\u00fcr alle Ger\u00e4te, wie Desktopcomputer oder mobile Ger\u00e4te \u00fcbernommen.<\/span><\/p>\n<p class=\"p1\"><span class=\"s1\">Sie k\u00f6nnen dem Einsatz von Cookies, die der Reichweitenmessung und Werbezwecken dienen, ferner \u00fcber die Deaktivierungsseite der Netzwerkwerbeinitiative (<a href=\"https:\/\/optout.networkadvertising.org\/\"><span class=\"s2\">https:\/\/optout.networkadvertising.org\/<\/span><\/a>) und zus\u00e4tzlich die US-amerikanische Webseite\u00a0(<a href=\"https:\/\/www.aboutads.info\/choices\"><span class=\"s2\">https:\/\/www.aboutads.info\/choices<\/span><\/a>)\u00a0oder die europ\u00e4ische Webseite\u00a0(<a href=\"https:\/\/www.youronlinechoices.com\/uk\/your-ad-choices\/\"><span class=\"s2\">https:\/\/www.youronlinechoices.com\/uk\/your-ad-choices\/<\/span><\/a>) widersprechen.<\/span><\/p>\n<p>&nbsp;<\/p>\n<p class=\"p2\"><span class=\"s1\"><b>Onlinepr\u00e4senzen in sozialen Medien<\/b><\/span><\/p>\n<p class=\"p1\"><span class=\"s1\">Wir unterhalten Onlinepr\u00e4senzen innerhalb sozialer Netzwerke und Plattformen, um mit den dort aktiven Kunden, Interessenten und Nutzern kommunizieren und sie dort \u00fcber unsere Leistungen informieren zu k\u00f6nnen. Beim Aufruf der jeweiligen Netzwerke und Plattformen gelten die Gesch\u00e4ftsbedingungen und die Datenverarbeitungsrichtlinien deren jeweiligen Betreiber.<\/span><\/p>\n<p class=\"p1\"><span class=\"s1\">Soweit nicht anders im Rahmen unserer Datenschutzerkl\u00e4rung angegeben, verarbeiten wir die Daten der Nutzer sofern diese mit uns innerhalb der sozialen Netzwerke und Plattformen kommunizieren, z.B. Beitr\u00e4ge auf unseren Onlinepr\u00e4senzen verfassen oder uns Nachrichten zusenden.<\/span><\/p>\n<p>&nbsp;<\/p>\n<p class=\"p2\"><span class=\"s1\"><b>Einbindung von Diensten und Inhalten Dritter<\/b><\/span><\/p>\n<p class=\"p1\"><span class=\"s1\">Wir setzen innerhalb unseres Onlineangebotes auf Grundlage unserer berechtigten Interessen (d.h. Interesse an der Analyse, Optimierung und wirtschaftlichem Betrieb unseres Onlineangebotes im Sinne des Art. 6 Abs. 1 lit. f. DSGVO) Inhalts- oder Serviceangebote von Drittanbietern ein, um deren Inhalte und Services, wie z.B. Videos oder Schriftarten einzubinden (nachfolgend einheitlich bezeichnet als \u201cInhalte\u201d).<\/span><\/p>\n<p class=\"p1\"><span class=\"s1\">Dies setzt immer voraus, dass die Drittanbieter dieser Inhalte, die IP-Adresse der Nutzer wahrnehmen, da sie ohne die IP-Adresse die Inhalte nicht an deren Browser senden k\u00f6nnten. Die IP-Adresse ist damit f\u00fcr die Darstellung dieser Inhalte erforderlich. Wir bem\u00fchen uns nur solche Inhalte zu verwenden, deren jeweilige Anbieter die IP-Adresse lediglich zur Auslieferung der Inhalte verwenden. Drittanbieter k\u00f6nnen ferner so genannte Pixel-Tags (unsichtbare Grafiken, auch als \u201eWeb Beacons\u201c bezeichnet) f\u00fcr statistische oder Marketingzwecke verwenden. Durch die \u201ePixel-Tags\u201c k\u00f6nnen Informationen, wie der Besucherverkehr auf den Seiten dieser Website ausgewertet werden. Die pseudonymen Informationen k\u00f6nnen ferner in Cookies auf dem Ger\u00e4t der Nutzer gespeichert werden und unter anderem technische Informationen zum Browser und Betriebssystem, verweisende Webseiten, Besuchszeit sowie weitere Angaben zur Nutzung unseres Onlineangebotes enthalten, als auch mit solchen Informationen aus anderen Quellen verbunden werden.<\/span><\/p>\n<p>&nbsp;<\/p>\n<p class=\"p2\"><span class=\"s1\"><b>Vimeo<\/b><\/span><\/p>\n<p class=\"p1\"><span class=\"s1\">Wir k\u00f6nnen die Videos der Plattform \u201cVimeo\u201d des Anbieters Vimeo Inc., Attention: Legal Department, 555 West 18th Street New York, New York 10011, USA, einbinden. Datenschutzerkl\u00e4rung: <a href=\"https:\/\/vimeo.com\/privacy\"><span class=\"s2\">https:\/\/vimeo.com\/privacy<\/span><\/a>. WIr weisen darauf hin, dass Vimeo Google Analytics einsetzen kann und verweisen hierzu auf die Datenschutzerkl\u00e4rung (<a href=\"https:\/\/www.google.com\/policies\/privacy\"><span class=\"s2\">https:\/\/www.google.com\/policies\/privacy<\/span><\/a>) sowie Opt-Out-M\u00f6glichkeiten f\u00fcr Google-Analytics (<a href=\"https:\/\/tools.google.com\/dlpage\/gaoptout?hl=de\"><span class=\"s2\">https:\/\/tools.google.com\/dlpage\/gaoptout?hl=de<\/span><\/a>) oder die Einstellungen von Google f\u00fcr die Datennutzung zu Marketingzwecken (<a href=\"https:\/\/adssettings.google.com\/\"><span class=\"s2\">https:\/\/adssettings.google.com\/.<\/span><\/a>).<\/span><\/p>\n<p class=\"p2\"><span class=\"s1\"><b>Youtube<\/b><\/span><\/p>\n<p class=\"p1\"><span class=\"s1\">Wir binden die Videos der Plattform \u201cYouTube\u201d des Anbieters Google LLC, 1600 Amphitheatre Parkway, Mountain View, CA 94043, USA, ein. Datenschutzerkl\u00e4rung: <a href=\"https:\/\/www.google.com\/policies\/privacy\/\"><span class=\"s2\">https:\/\/www.google.com\/policies\/privacy\/<\/span><\/a>, Opt-Out: <a href=\"https:\/\/adssettings.google.com\/authenticated\"><span class=\"s2\">https:\/\/adssettings.google.com\/authenticated<\/span><\/a>.<\/span><\/p>\n<p>&nbsp;<\/p>\n<p class=\"p2\"><span class=\"s1\"><b>Google ReCaptcha<\/b><\/span><\/p>\n<p class=\"p1\"><span class=\"s1\">Wir binden die Funktion zur Erkennung von Bots, z.B. bei Eingaben in Onlineformularen (\u201eReCaptcha\u201c) des Anbieters Google LLC, 1600 Amphitheatre Parkway, Mountain View, CA 94043, USA, ein. Datenschutzerkl\u00e4rung: <a href=\"https:\/\/www.google.com\/policies\/privacy\/\"><span class=\"s2\">https:\/\/www.google.com\/policies\/privacy\/<\/span><\/a>, Opt-Out: <a href=\"https:\/\/adssettings.google.com\/authenticated\"><span class=\"s2\">https:\/\/adssettings.google.com\/authenticated<\/span><\/a>.<\/span><\/p>\n<p>&nbsp;<\/p>\n<p class=\"p2\"><span class=\"s1\"><b>Google Maps<\/b><\/span><\/p>\n<p class=\"p1\"><span class=\"s1\">Wir binden die Landkarten des Dienstes \u201cGoogle Maps\u201d des Anbieters Google LLC, 1600 Amphitheatre Parkway, Mountain View, CA 94043, USA, ein. Zu den verarbeiteten Daten k\u00f6nnen insbesondere IP-Adressen und Standortdaten der Nutzer geh\u00f6ren, die jedoch nicht ohne deren Einwilligung (im Regelfall im Rahmen der Einstellungen ihrer Mobilger\u00e4te vollzogen), erhoben werden. Die Daten k\u00f6nnen in den USA verarbeitet werden. Datenschutzerkl\u00e4rung: <a href=\"https:\/\/www.google.com\/policies\/privacy\/\"><span class=\"s2\">https:\/\/www.google.com\/policies\/privacy\/<\/span><\/a>, Opt-Out: <a href=\"https:\/\/adssettings.google.com\/authenticated\"><span class=\"s2\">https:\/\/adssettings.google.com\/authenticated<\/span><\/a>.<\/span><\/p>\n<p>&nbsp;<\/p>\n<p class=\"p2\"><span class=\"s1\"><b>Verwendung von Facebook Social Plugins<\/b><\/span><\/p>\n<p class=\"p1\"><span class=\"s1\">Wir nutzen auf Grundlage unserer berechtigten Interessen (d.h. Interesse an der Analyse, Optimierung und wirtschaftlichem Betrieb unseres Onlineangebotes im Sinne des Art. 6 Abs. 1 lit. f. DSGVO) Social Plugins (\u201ePlugins\u201c) des sozialen Netzwerkes facebook.com, welches von der Facebook Ireland Ltd., 4 Grand Canal Square, Grand Canal Harbour, Dublin 2, Irland betrieben wird (\u201eFacebook\u201c). Die Plugins k\u00f6nnen Interaktionselemente oder Inhalte (z.B. Videos, Grafiken oder Textbeitr\u00e4ge) darstellen und sind an einem der Facebook Logos erkennbar (wei\u00dfes \u201ef\u201c auf blauer Kachel, den Begriffen \u201eLike\u201c, \u201eGef\u00e4llt mir\u201c oder einem \u201eDaumen hoch\u201c-Zeichen) oder sind mit dem Zusatz \u201eFacebook Social Plugin\u201c gekennzeichnet. Die Liste und das Aussehen der Facebook Social Plugins kann hier eingesehen werden:\u00a0<a href=\"https:\/\/developers.facebook.com\/docs\/plugins\/\"><span class=\"s2\">https:\/\/developers.facebook.com\/docs\/plugins\/<\/span><\/a>.<\/span><\/p>\n<p class=\"p1\"><span class=\"s1\">Facebook ist unter dem Privacy-Shield-Abkommen zertifiziert und bietet hierdurch eine Garantie, das europ\u00e4ische Datenschutzrecht einzuhalten (<a href=\"https:\/\/www.privacyshield.gov\/participant?id=a2zt0000000GnywAAC&amp;status=Active\"><span class=\"s2\">https:\/\/www.privacyshield.gov\/participant?id=a2zt0000000GnywAAC&amp;status=Active<\/span><\/a>).<\/span><\/p>\n<p class=\"p1\"><span class=\"s1\">Wenn ein Nutzer eine Funktion dieses Onlineangebotes aufruft, die ein solches Plugin enth\u00e4lt, baut sein Ger\u00e4t eine direkte Verbindung mit den Servern von Facebook auf. Der Inhalt des Plugins wird von Facebook direkt an das Ger\u00e4t des Nutzers \u00fcbermittelt und von diesem in das Onlineangebot eingebunden. Dabei k\u00f6nnen aus den verarbeiteten Daten Nutzungsprofile der Nutzer erstellt werden. Wir haben daher keinen Einfluss auf den Umfang der Daten, die Facebook mit Hilfe dieses Plugins erhebt und informiert die Nutzer daher entsprechend unserem Kenntnisstand.<\/span><\/p>\n<p class=\"p1\"><span class=\"s1\">Durch die Einbindung der Plugins erh\u00e4lt Facebook die Information, dass ein Nutzer die entsprechende Seite des Onlineangebotes aufgerufen hat. Ist der Nutzer bei Facebook eingeloggt, kann Facebook den Besuch seinem Facebook-Konto zuordnen. Wenn Nutzer mit den Plugins interagieren, zum Beispiel den Like Button bet\u00e4tigen oder einen Kommentar abgeben, wird die entsprechende Information von Ihrem Ger\u00e4t direkt an Facebook \u00fcbermittelt und dort gespeichert. Falls ein Nutzer kein Mitglied von Facebook ist, besteht trotzdem die M\u00f6glichkeit, dass Facebook seine IP-Adresse in Erfahrung bringt und speichert. Laut Facebook wird in Deutschland nur eine anonymisierte IP-Adresse gespeichert.<\/span><\/p>\n<p class=\"p1\"><span class=\"s1\">Zweck und Umfang der Datenerhebung und die weitere Verarbeitung und Nutzung der Daten durch Facebook sowie die diesbez\u00fcglichen Rechte und Einstellungsm\u00f6glichkeiten zum Schutz der Privatsph\u00e4re der Nutzer, k\u00f6nnen diese den Datenschutzhinweisen von Facebook entnehmen:\u00a0<a href=\"https:\/\/www.facebook.com\/about\/privacy\/\"><span class=\"s2\">https:\/\/www.facebook.com\/about\/privacy\/<\/span><\/a>.<\/span><\/p>\n<p class=\"p1\"><span class=\"s1\">Wenn ein Nutzer Facebookmitglied ist und nicht m\u00f6chte, dass Facebook \u00fcber dieses Onlineangebot Daten \u00fcber ihn sammelt und mit seinen bei Facebook gespeicherten Mitgliedsdaten verkn\u00fcpft, muss er sich vor der Nutzung unseres Onlineangebotes bei Facebook ausloggen und seine Cookies l\u00f6schen. Weitere Einstellungen und Widerspr\u00fcche zur Nutzung von Daten f\u00fcr Werbezwecke, sind innerhalb der Facebook-Profileinstellungen m\u00f6glich:\u00a0<a href=\"https:\/\/www.facebook.com\/settings?tab=ads\"><span class=\"s2\">https:\/\/www.facebook.com\/settings?tab=ads<\/span><\/a> \u00a0oder \u00fcber die US-amerikanische Seite\u00a0<a href=\"https:\/\/www.aboutads.info\/choices\/\"><span class=\"s2\">https:\/\/www.aboutads.info\/choices\/<\/span><\/a> \u00a0oder die EU-Seite\u00a0<a href=\"https:\/\/www.youronlinechoices.com\/\"><span class=\"s2\">https:\/\/www.youronlinechoices.com\/<\/span><\/a>. Die Einstellungen erfolgen plattformunabh\u00e4ngig, d.h. sie werden f\u00fcr alle Ger\u00e4te, wie Desktopcomputer oder mobile Ger\u00e4te \u00fcbernommen.<\/span><\/p>\n<p>&nbsp;<\/p>\n<p class=\"p2\"><span class=\"s1\"><b>Xing<\/b><\/span><\/p>\n<p class=\"p1\"><span class=\"s1\">Innerhalb unseres Onlineangebotes k\u00f6nnen Funktionen und Inhalte des Dienstes Xing, angeboten durch die XING AG, Dammtorstra\u00dfe 29-32, 20354 Hamburg, Deutschland, eingebunden werden. Hierzu k\u00f6nnen z.B. Inhalte wie Bilder, Videos oder Texte und Schaltfl\u00e4chen geh\u00f6ren, mit denen Nutzer Inhalte dieses Onlineangebotes innerhalb von Xing teilen k\u00f6nnen. Sofern die Nutzer Mitglieder der Plattform Xing sind, kann Xing den Aufruf der o.g. Inhalte und Funktionen den dortigen Profilen der Nutzer zuordnen. Datenschutzerkl\u00e4rung von Xing: <a href=\"https:\/\/www.xing.com\/app\/share?op=data_protection\"><span class=\"s2\">https:\/\/www.xing.com\/app\/share?op=data_protection.<\/span><\/a>. <\/span><\/p>\n<p class=\"p3\"><span class=\"s3\"><a href=\"https:\/\/datenschutz-generator.de\">Erstellt mit Datenschutz-Generator.de von RA Dr. Thomas Schwenke<\/a><\/span><\/p>\n<ul class=\"ul1\">\n<li class=\"li3\"><span class=\"s4\"><a href=\"https:\/\/gesundheitspraxis-zoller.ch\/impressum\/\"><span class=\"s5\">Impressum<\/span><\/a><\/span><\/li>\n<li class=\"li3\"><span class=\"s4\"><a href=\"https:\/\/gesundheitspraxis-zoller.ch\/datenschutz\/\"><span class=\"s5\">Datenschutz<\/span><\/a><\/span><\/li>\n<\/ul>\n<p>[\/vc_column_text][vc_empty_space][\/vc_column][\/vc_row][vc_section full_width=&#8221;stretch_row&#8221; css=&#8221;.vc_custom_1534500257400{margin-top: 0px !important;margin-bottom: 0px !important;padding-top: 80px !important;padding-bottom: 0px !important;background-position: center !important;background-repeat: no-repeat !important;background-size: contain !important;}&#8221; el_class=&#8221;background-position-top-custom&#8221;][\/vc_section]<\/p>\n","protected":false},"excerpt":{"rendered":"<p>[vc_row full_width=&#8221;stretch_row_content_no_spaces&#8221;][vc_column][vc_column_text][\/vc_column_text][\/vc_column][\/vc_row][vc_row][vc_column][vc_empty_space height=&#8221;92px&#8221;][\/vc_column][\/vc_row][vc_row][vc_column][vc_column_text] Diese Datenschutzerkl\u00e4rung kl\u00e4rt Sie \u00fcber die Art, den Umfang und Zweck der Verarbeitung von personenbezogenen Daten (nachfolgend kurz \u201eDaten\u201c) innerhalb unseres Onlineangebotes und der mit ihm verbundenen Webseiten, Funktionen und Inhalte sowie externen Onlinepr\u00e4senzen, wie z.B. unser Social Media Profile auf (nachfolgend gemeinsam bezeichnet als \u201eOnlineangebot\u201c). Im Hinblick auf die verwendeten Begrifflichkeiten, [&hellip;]<\/p>\n","protected":false},"author":1,"featured_media":0,"parent":0,"menu_order":0,"comment_status":"closed","ping_status":"closed","template":"","meta":{"footnotes":""},"class_list":["post-8684","page","type-page","status-publish","hentry"],"yoast_head":"<!-- This site is optimized with the Yoast SEO plugin v25.2 - https:\/\/yoast.com\/wordpress\/plugins\/seo\/ -->\n<title>Gesundheitspraxis Kordula Zoller | Datenschutzerkl\u00e4rung<\/title>\n<meta name=\"description\" content=\"Gesundheitspraxis Kordula Zoller | Datenschutz | Chur Schweiz | Kontaktieren Sie mich f\u00fcr ein unverbindliches Beratungsgespr\u00e4ch.\" \/>\n<meta name=\"robots\" content=\"index, follow, max-snippet:-1, max-image-preview:large, max-video-preview:-1\" \/>\n<link rel=\"canonical\" href=\"https:\/\/gesundheitspraxis-zoller.ch\/datenschutz\/\" \/>\n<meta property=\"og:locale\" content=\"de_DE\" \/>\n<meta property=\"og:type\" content=\"article\" \/>\n<meta property=\"og:title\" content=\"Gesundheitspraxis Kordula Zoller | Datenschutzerkl\u00e4rung\" \/>\n<meta property=\"og:description\" content=\"Gesundheitspraxis Kordula Zoller | Datenschutz | Chur Schweiz | Kontaktieren Sie mich f\u00fcr ein unverbindliches Beratungsgespr\u00e4ch.\" \/>\n<meta property=\"og:url\" content=\"https:\/\/gesundheitspraxis-zoller.ch\/datenschutz\/\" \/>\n<meta property=\"og:site_name\" content=\"Gesundheitspraxis Kordula Zoller\" \/>\n<meta property=\"article:modified_time\" content=\"2020-02-29T10:54:51+00:00\" \/>\n<meta name=\"twitter:card\" content=\"summary_large_image\" \/>\n<meta name=\"twitter:label1\" content=\"Gesch\u00e4tzte Lesezeit\" \/>\n\t<meta name=\"twitter:data1\" content=\"32\u00a0Minuten\" \/>\n<script type=\"application\/ld+json\" class=\"yoast-schema-graph\">{\"@context\":\"https:\/\/schema.org\",\"@graph\":[{\"@type\":\"WebPage\",\"@id\":\"https:\/\/gesundheitspraxis-zoller.ch\/datenschutz\/\",\"url\":\"https:\/\/gesundheitspraxis-zoller.ch\/datenschutz\/\",\"name\":\"Gesundheitspraxis Kordula Zoller | Datenschutzerkl\u00e4rung\",\"isPartOf\":{\"@id\":\"https:\/\/gesundheitspraxis-zoller.ch\/#website\"},\"datePublished\":\"2018-10-09T09:30:05+00:00\",\"dateModified\":\"2020-02-29T10:54:51+00:00\",\"description\":\"Gesundheitspraxis Kordula Zoller | Datenschutz | Chur Schweiz | Kontaktieren Sie mich f\u00fcr ein unverbindliches Beratungsgespr\u00e4ch.\",\"breadcrumb\":{\"@id\":\"https:\/\/gesundheitspraxis-zoller.ch\/datenschutz\/#breadcrumb\"},\"inLanguage\":\"de\",\"potentialAction\":[{\"@type\":\"ReadAction\",\"target\":[\"https:\/\/gesundheitspraxis-zoller.ch\/datenschutz\/\"]}]},{\"@type\":\"BreadcrumbList\",\"@id\":\"https:\/\/gesundheitspraxis-zoller.ch\/datenschutz\/#breadcrumb\",\"itemListElement\":[{\"@type\":\"ListItem\",\"position\":1,\"name\":\"Home\",\"item\":\"https:\/\/gesundheitspraxis-zoller.ch\/\"},{\"@type\":\"ListItem\",\"position\":2,\"name\":\"Datenschutz\"}]},{\"@type\":\"WebSite\",\"@id\":\"https:\/\/gesundheitspraxis-zoller.ch\/#website\",\"url\":\"https:\/\/gesundheitspraxis-zoller.ch\/\",\"name\":\"Gesundheitspraxis Kordula Zoller\",\"description\":\"emphathisch, ganzheitlich, kompetent\",\"potentialAction\":[{\"@type\":\"SearchAction\",\"target\":{\"@type\":\"EntryPoint\",\"urlTemplate\":\"https:\/\/gesundheitspraxis-zoller.ch\/?s={search_term_string}\"},\"query-input\":{\"@type\":\"PropertyValueSpecification\",\"valueRequired\":true,\"valueName\":\"search_term_string\"}}],\"inLanguage\":\"de\"}]}<\/script>\n<!-- \/ Yoast SEO plugin. -->","yoast_head_json":{"title":"Gesundheitspraxis Kordula Zoller | Datenschutzerkl\u00e4rung","description":"Gesundheitspraxis Kordula Zoller | Datenschutz | Chur Schweiz | Kontaktieren Sie mich f\u00fcr ein unverbindliches Beratungsgespr\u00e4ch.","robots":{"index":"index","follow":"follow","max-snippet":"max-snippet:-1","max-image-preview":"max-image-preview:large","max-video-preview":"max-video-preview:-1"},"canonical":"https:\/\/gesundheitspraxis-zoller.ch\/datenschutz\/","og_locale":"de_DE","og_type":"article","og_title":"Gesundheitspraxis Kordula Zoller | Datenschutzerkl\u00e4rung","og_description":"Gesundheitspraxis Kordula Zoller | Datenschutz | Chur Schweiz | Kontaktieren Sie mich f\u00fcr ein unverbindliches Beratungsgespr\u00e4ch.","og_url":"https:\/\/gesundheitspraxis-zoller.ch\/datenschutz\/","og_site_name":"Gesundheitspraxis Kordula Zoller","article_modified_time":"2020-02-29T10:54:51+00:00","twitter_card":"summary_large_image","twitter_misc":{"Gesch\u00e4tzte Lesezeit":"32\u00a0Minuten"},"schema":{"@context":"https:\/\/schema.org","@graph":[{"@type":"WebPage","@id":"https:\/\/gesundheitspraxis-zoller.ch\/datenschutz\/","url":"https:\/\/gesundheitspraxis-zoller.ch\/datenschutz\/","name":"Gesundheitspraxis Kordula Zoller | Datenschutzerkl\u00e4rung","isPartOf":{"@id":"https:\/\/gesundheitspraxis-zoller.ch\/#website"},"datePublished":"2018-10-09T09:30:05+00:00","dateModified":"2020-02-29T10:54:51+00:00","description":"Gesundheitspraxis Kordula Zoller | Datenschutz | Chur Schweiz | Kontaktieren Sie mich f\u00fcr ein unverbindliches Beratungsgespr\u00e4ch.","breadcrumb":{"@id":"https:\/\/gesundheitspraxis-zoller.ch\/datenschutz\/#breadcrumb"},"inLanguage":"de","potentialAction":[{"@type":"ReadAction","target":["https:\/\/gesundheitspraxis-zoller.ch\/datenschutz\/"]}]},{"@type":"BreadcrumbList","@id":"https:\/\/gesundheitspraxis-zoller.ch\/datenschutz\/#breadcrumb","itemListElement":[{"@type":"ListItem","position":1,"name":"Home","item":"https:\/\/gesundheitspraxis-zoller.ch\/"},{"@type":"ListItem","position":2,"name":"Datenschutz"}]},{"@type":"WebSite","@id":"https:\/\/gesundheitspraxis-zoller.ch\/#website","url":"https:\/\/gesundheitspraxis-zoller.ch\/","name":"Gesundheitspraxis Kordula Zoller","description":"emphathisch, ganzheitlich, kompetent","potentialAction":[{"@type":"SearchAction","target":{"@type":"EntryPoint","urlTemplate":"https:\/\/gesundheitspraxis-zoller.ch\/?s={search_term_string}"},"query-input":{"@type":"PropertyValueSpecification","valueRequired":true,"valueName":"search_term_string"}}],"inLanguage":"de"}]}},"_links":{"self":[{"href":"https:\/\/gesundheitspraxis-zoller.ch\/rest_api\/wp\/v2\/pages\/8684","targetHints":{"allow":["GET"]}}],"collection":[{"href":"https:\/\/gesundheitspraxis-zoller.ch\/rest_api\/wp\/v2\/pages"}],"about":[{"href":"https:\/\/gesundheitspraxis-zoller.ch\/rest_api\/wp\/v2\/types\/page"}],"author":[{"embeddable":true,"href":"https:\/\/gesundheitspraxis-zoller.ch\/rest_api\/wp\/v2\/users\/1"}],"replies":[{"embeddable":true,"href":"https:\/\/gesundheitspraxis-zoller.ch\/rest_api\/wp\/v2\/comments?post=8684"}],"version-history":[{"count":6,"href":"https:\/\/gesundheitspraxis-zoller.ch\/rest_api\/wp\/v2\/pages\/8684\/revisions"}],"predecessor-version":[{"id":9046,"href":"https:\/\/gesundheitspraxis-zoller.ch\/rest_api\/wp\/v2\/pages\/8684\/revisions\/9046"}],"wp:attachment":[{"href":"https:\/\/gesundheitspraxis-zoller.ch\/rest_api\/wp\/v2\/media?parent=8684"}],"curies":[{"name":"wp","href":"https:\/\/api.w.org\/{rel}","templated":true}]}}